{"id":119,"date":"2025-03-27T14:04:13","date_gmt":"2025-03-27T13:04:13","guid":{"rendered":"https:\/\/palmiers.temp.rhonalpcom.fr\/casa\/"},"modified":"2025-04-11T13:23:32","modified_gmt":"2025-04-11T11:23:32","slug":"casa","status":"publish","type":"page","link":"https:\/\/hotel-frejus-les-palmiers.fr\/it\/","title":{"rendered":"Casa"},"content":{"rendered":"<p>[et_pb_section fb_built=&#8221;1&#8243; disabled_on=&#8221;off|off|off&#8221; admin_label=&#8221;Header&#8221; module_class=&#8221;accueil_intro&#8221; _builder_version=&#8221;4.27.4&#8243; _module_preset=&#8221;c5b19719-f634-4e8d-89b1-eeaec9009d87&#8243; background_image=&#8221;https:\/\/palmiers.temp.rhonalpcom.fr\/wp-content\/uploads\/2025\/04\/photo-page-daccueil-6-copie-scaled.webp&#8221; background_enable_video_mp4=&#8221;off&#8221; min_height=&#8221;100vh&#8221; custom_padding=&#8221;0px||0px||false|false&#8221; hover_enabled=&#8221;0&#8243; collapsed=&#8221;off&#8221; global_colors_info=&#8221;{}&#8221; sticky_enabled=&#8221;0&#8243;][\/et_pb_section][et_pb_section fb_built=&#8221;1&#8243; admin_label=&#8221;About&#8221; _builder_version=&#8221;4.27.4&#8243; _module_preset=&#8221;default&#8221; background_color=&#8221;#fbf7f4&#8243; custom_margin=&#8221;||0px||false|false&#8221; custom_padding=&#8221;5vw|5vw|5vw|5vw|false|false&#8221; bottom_divider_style=&#8221;ramp2&#8243; bottom_divider_color=&#8221;#FFFFFF&#8221; collapsed=&#8221;on&#8221; global_colors_info=&#8221;{}&#8221;][et_pb_row column_structure=&#8221;3_5,2_5&#8243; _builder_version=&#8221;4.27.4&#8243; _module_preset=&#8221;default&#8221; width=&#8221;100%&#8221; max_width=&#8221;1400px&#8221; global_colors_info=&#8221;{}&#8221;][et_pb_column type=&#8221;3_5&#8243; _builder_version=&#8221;4.27.4&#8243; _module_preset=&#8221;default&#8221; global_colors_info=&#8221;{}&#8221;][et_pb_heading title=&#8221;Obiozz, artigiano creatore di spa in legno e bagni nordici&#8221; _builder_version=&#8221;4.27.4&#8243; _module_preset=&#8221;default&#8221; title_level=&#8221;h2&#8243; title_font=&#8221;|600|||||||&#8221; title_font_size=&#8221;36px&#8221; title_line_height=&#8221;1.4em&#8221; global_colors_info=&#8221;{}&#8221;][\/et_pb_heading][et_pb_text _builder_version=&#8221;4.27.4&#8243; _module_preset=&#8221;default&#8221; global_colors_info=&#8221;{}&#8221;]<\/p>\n<p>Progettista, produttore e installatore di vasche nordiche in legno, vasche idromassaggio, saune, docce, bagni, bagni giapponesi &#8230;<\/p>\n<p><strong>Il servizio<\/strong><\/p>\n<p>Lavoriamo su piani 2D e simulazioni 3D per tutti i progetti di installazione dei nostri clienti. Possiamo anche offrire e realizzare terrazze, terrazze, scale, cornici, corrimano, ecc. per sfruttare al meglio i nostri prodotti nel tuo ambiente.<\/p>\n<p><strong>Eco-design<\/strong><\/p>\n<p>O&#8217;BIOZZ vuole essere un&#8217;azienda il pi\u00f9 possibile rispettosa dell&#8217;uomo e quindi della Terra. L&#8217;ecodesign \u00e8 il nostro strumento di ricerca. La priorit\u00e0 \u00e8 quindi data ai materiali pi\u00f9 facili da produrre, lavorare, trasportare e, ovviamente, riciclare.<br \/>Le specie legnose selezionate sono il larice austriaco, l&#8217;abete di Douglas della Francia centrale e il cedro rosso certificato FSC\/PEFC. L&#8217;acciaio inox e l&#8217;alluminio sono i nostri due tipi di metallo. Anche le poche parti in plastica sono state selezionate.<\/p>\n<p>[\/et_pb_text][et_pb_button button_url=&#8221;\/nos-metiers\/&#8221; button_text=&#8221;Le nostre linee di business&#8221; button_alignment=&#8221;right&#8221; _builder_version=&#8221;4.27.4&#8243; _module_preset=&#8221;default&#8221; custom_button=&#8221;on&#8221; button_text_size=&#8221;16px&#8221; button_bg_color=&#8221;#fbf7f4&#8243; button_border_width=&#8221;2px&#8221; button_border_color=&#8221;#cf8344&#8243; button_border_radius=&#8221;30px&#8221; button_font=&#8221;&#8211;et_global_heading_font|||on|||||&#8221; button_icon=&#8221;&#x24;||divi||400&#8243; custom_padding=&#8221;10px|30px||30px|false|false&#8221; global_colors_info=&#8221;{}&#8221;][\/et_pb_button][\/et_pb_column][et_pb_column type=&#8221;2_5&#8243; _builder_version=&#8221;4.27.4&#8243; _module_preset=&#8221;default&#8221; global_colors_info=&#8221;{}&#8221;][et_pb_image src=&#8221;https:\/\/palmiers.temp.rhonalpcom.fr\/wp-content\/uploads\/2025\/03\/bain-nordique-bois.webp&#8221; title_text=&#8221;bain-nordique-bois&#8221; _builder_version=&#8221;4.27.4&#8243; _module_preset=&#8221;default&#8221; animation_style=&#8221;slide&#8221; animation_direction=&#8221;right&#8221; border_radii=&#8221;on|30px|30px|30px|30px&#8221; global_colors_info=&#8221;{}&#8221;][\/et_pb_image][\/et_pb_column][\/et_pb_row][\/et_pb_section][et_pb_section fb_built=&#8221;1&#8243; _builder_version=&#8221;4.27.4&#8243; _module_preset=&#8221;default&#8221; global_colors_info=&#8221;{}&#8221;][et_pb_row _builder_version=&#8221;4.27.4&#8243; _module_preset=&#8221;default&#8221; width=&#8221;100%&#8221; max_width=&#8221;1400px&#8221; global_colors_info=&#8221;{}&#8221;][et_pb_column type=&#8221;4_4&#8243; _builder_version=&#8221;4.27.4&#8243; _module_preset=&#8221;default&#8221; global_colors_info=&#8221;{}&#8221;][et_pb_heading title=&#8221;O&#039;Biozz, creatore di attrezzature per il benessere in legno&#8221; _builder_version=&#8221;4.27.4&#8243; _module_preset=&#8221;default&#8221; title_level=&#8221;h2&#8243; title_font=&#8221;|600|||||||&#8221; title_font_size=&#8221;36px&#8221; title_line_height=&#8221;1.4em&#8221; custom_margin=&#8221;||35px||false|false&#8221; global_colors_info=&#8221;{}&#8221;][\/et_pb_heading][\/et_pb_column][\/et_pb_row][et_pb_row column_structure=&#8221;1_3,1_3,1_3&#8243; use_custom_gutter=&#8221;on&#8221; gutter_width=&#8221;2&#8243; _builder_version=&#8221;4.27.4&#8243; _module_preset=&#8221;default&#8221; width=&#8221;100%&#8221; max_width=&#8221;1400px&#8221; global_colors_info=&#8221;{}&#8221;][et_pb_column type=&#8221;1_3&#8243; _builder_version=&#8221;4.27.4&#8243; _module_preset=&#8221;default&#8221; link_option_url=&#8221;\/category\/produits\/&#8221; global_colors_info=&#8221;{}&#8221;][et_pb_cta title=&#8221;I nostri prodotti&#8221; module_class=&#8221;hoverHomePdts&#8221; _builder_version=&#8221;4.27.4&#8243; _module_preset=&#8221;default&#8221; header_font=&#8221;|||on|||||&#8221; header_font_size=&#8221;30px&#8221; background_enable_color=&#8221;off&#8221; use_background_color_gradient=&#8221;on&#8221; background_color_gradient_stops=&#8221;rgba(0,0,0,0.3) 0%|rgba(0,0,0,0.3) 100%&#8221; background_color_gradient_overlays_image=&#8221;on&#8221; background_image=&#8221;https:\/\/palmiers.temp.rhonalpcom.fr\/wp-content\/uploads\/2025\/03\/bain-nordique-obiozz.webp&#8221; custom_padding=&#8221;35rem||0px||false|false&#8221; custom_css_free_form=&#8221;.hoverHomePdts {||    transition: background-size 0.8s ease-in-out;||    background-size: 100%;||}||.hoverHomePdts:hover {||    background-size: 110%; \/* Zoom de 10% *\/||}&#8221; border_radii=&#8221;on|30px|30px|30px|30px&#8221; global_colors_info=&#8221;{}&#8221;][\/et_pb_cta][et_pb_text _builder_version=&#8221;4.27.4&#8243; _module_preset=&#8221;default&#8221; custom_padding=&#8221;|30px||30px|false|false&#8221; global_colors_info=&#8221;{}&#8221;]<\/p>\n<p>Il bagno nordico, alcuni lo chiamano bagno caldo, il bagno norvegese, il bagno scandinavo, la vasca calda, il bagno svedese &#8230;. il nome cambia ma il prodotto rimane lo stesso!<\/p>\n<p style=\"text-align: center;\">SCOPRI I NOSTRI PRODOTTI<\/p>\n<p>[\/et_pb_text][\/et_pb_column][et_pb_column type=&#8221;1_3&#8243; _builder_version=&#8221;4.27.4&#8243; _module_preset=&#8221;default&#8221; transform_translate=&#8221;0px|-40px&#8221; transform_translate_linked=&#8221;off&#8221; link_option_url=&#8221;\/nos-metiers\/&#8221; global_colors_info=&#8221;{}&#8221;][et_pb_cta title=&#8221;Le nostre linee di business&#8221; module_class=&#8221;hoverHomePdts&#8221; _builder_version=&#8221;4.27.4&#8243; _module_preset=&#8221;default&#8221; header_font=&#8221;|||on|||||&#8221; header_font_size=&#8221;30px&#8221; background_enable_color=&#8221;off&#8221; use_background_color_gradient=&#8221;on&#8221; background_color_gradient_stops=&#8221;rgba(0,0,0,0.3) 0%|rgba(0,0,0,0.3) 100%&#8221; background_color_gradient_overlays_image=&#8221;on&#8221; background_image=&#8221;https:\/\/palmiers.temp.rhonalpcom.fr\/wp-content\/uploads\/2025\/03\/o-biozz-metiers.webp&#8221; custom_padding=&#8221;35rem||0px||false|false&#8221; custom_css_free_form=&#8221;.hoverHomePdts {||    transition: background-size 0.8s ease-in-out;||    background-size: 100%;||}||.hoverHomePdts:hover {||    background-size: 110%; \/* Zoom de 10% *\/||}&#8221; border_radii=&#8221;on|30px|30px|30px|30px&#8221; global_colors_info=&#8221;{}&#8221;][\/et_pb_cta][et_pb_text _builder_version=&#8221;4.27.4&#8243; _module_preset=&#8221;default&#8221; custom_padding=&#8221;|30px||30px|false|false&#8221; global_colors_info=&#8221;{}&#8221;]<\/p>\n<p>Progettista, produttore e installatore di vasche nordiche in legno, vasche idromassaggio, saune, docce, bagni, bagni giapponesi &#8230;<\/p>\n<p style=\"text-align: center;\">IN DETTAGLI<\/p>\n<p>[\/et_pb_text][\/et_pb_column][et_pb_column type=&#8221;1_3&#8243; _builder_version=&#8221;4.27.4&#8243; _module_preset=&#8221;default&#8221; link_option_url=&#8221;\/developpement-durable-2\/&#8221; global_colors_info=&#8221;{}&#8221;][et_pb_cta title=&#8221;Sviluppo sostenibile&#8221; module_class=&#8221;hoverHomePdts&#8221; _builder_version=&#8221;4.27.4&#8243; _module_preset=&#8221;default&#8221; header_font=&#8221;|||on|||||&#8221; header_font_size=&#8221;30px&#8221; header_line_height=&#8221;1.2em&#8221; background_enable_color=&#8221;off&#8221; use_background_color_gradient=&#8221;on&#8221; background_color_gradient_stops=&#8221;rgba(0,0,0,0.3) 0%|rgba(0,0,0,0.3) 100%&#8221; background_color_gradient_overlays_image=&#8221;on&#8221; background_image=&#8221;https:\/\/palmiers.temp.rhonalpcom.fr\/wp-content\/uploads\/2025\/03\/utilisation-bois-selectionnees.webp&#8221; custom_padding=&#8221;32.4rem||0px||false|false&#8221; custom_css_free_form=&#8221;.hoverHomePdts {||    transition: background-size 0.8s ease-in-out;||    background-size: 100%;||}||.hoverHomePdts:hover {||    background-size: 110%; \/* Zoom de 10% *\/||}&#8221; border_radii=&#8221;on|30px|30px|30px|30px&#8221; global_colors_info=&#8221;{}&#8221;][\/et_pb_cta][et_pb_text _builder_version=&#8221;4.27.4&#8243; _module_preset=&#8221;default&#8221; custom_padding=&#8221;|30px||30px|false|false&#8221; global_colors_info=&#8221;{}&#8221;]<\/p>\n<p>Le specie di legno selezionate sono il larice austriaco, l&#8217;abete di Douglas proveniente dalla Francia centrale e il cedro rosso certificato FSC\/PEFC.<\/p>\n<p style=\"text-align: center;\">ULTERIORI DETTAGLI<\/p>\n<p>[\/et_pb_text][\/et_pb_column][\/et_pb_row][\/et_pb_section][et_pb_section fb_built=&#8221;1&#8243; _builder_version=&#8221;4.27.4&#8243; _module_preset=&#8221;default&#8221; background_image=&#8221;https:\/\/palmiers.temp.rhonalpcom.fr\/wp-content\/uploads\/2025\/03\/bain-nordique.webp&#8221; parallax=&#8221;on&#8221; parallax_method=&#8221;off&#8221; custom_padding=&#8221;20rem||20rem||false|false&#8221; global_colors_info=&#8221;{}&#8221;][\/et_pb_section][et_pb_section fb_built=&#8221;1&#8243; _builder_version=&#8221;4.27.4&#8243; _module_preset=&#8221;default&#8221; global_colors_info=&#8221;{}&#8221;][et_pb_row _builder_version=&#8221;4.27.4&#8243; _module_preset=&#8221;default&#8221; width=&#8221;100%&#8221; max_width=&#8221;1400px&#8221; global_colors_info=&#8221;{}&#8221;][et_pb_column type=&#8221;4_4&#8243; _builder_version=&#8221;4.27.4&#8243; _module_preset=&#8221;default&#8221; global_colors_info=&#8221;{}&#8221;][et_pb_heading title=&#8221;Valori che ci stanno a cuore&#8221; _builder_version=&#8221;4.27.4&#8243; _module_preset=&#8221;default&#8221; title_level=&#8221;h2&#8243; title_font=&#8221;|600|||||||&#8221; title_font_size=&#8221;36px&#8221; title_line_height=&#8221;1.4em&#8221; custom_margin=&#8221;||35px||false|false&#8221; global_colors_info=&#8221;{}&#8221;][\/et_pb_heading][\/et_pb_column][\/et_pb_row][et_pb_row column_structure=&#8221;1_3,1_3,1_3&#8243; _builder_version=&#8221;4.27.4&#8243; _module_preset=&#8221;default&#8221; width=&#8221;100%&#8221; max_width=&#8221;1400px&#8221; global_colors_info=&#8221;{}&#8221;][et_pb_column type=&#8221;1_3&#8243; _builder_version=&#8221;4.27.4&#8243; _module_preset=&#8221;default&#8221; global_colors_info=&#8221;{}&#8221;][et_pb_image src=&#8221;https:\/\/palmiers.temp.rhonalpcom.fr\/wp-content\/uploads\/2025\/03\/eco-responsibility.webp&#8221; title_text=&#8221;eco-responsabilit\u00e0&#8221; align=&#8221;center&#8221; module_class=&#8221;hoverHomeIcons&#8221; _builder_version=&#8221;4.27.4&#8243; _module_preset=&#8221;default&#8221; custom_css_free_form=&#8221;.hoverHomeIcons {||  transition: transform 0.8s ease-in-out;||}||.hoverHomeIcons:hover {||\ttransform: scale(1.1); \/* Zoom de 10% *\/||}&#8221; global_colors_info=&#8221;{}&#8221;][\/et_pb_image][et_pb_text _builder_version=&#8221;4.27.4&#8243; _module_preset=&#8221;default&#8221; global_colors_info=&#8221;{}&#8221;]O&#8217;BIOZZ, eco-responsabile, vuole essere un&#8217;azienda il pi\u00f9 possibile rispettosa dell&#8217;uomo e quindi della Terra.[\/et_pb_text][\/et_pb_column][et_pb_column type=&#8221;1_3&#8243; _builder_version=&#8221;4.27.4&#8243; _module_preset=&#8221;default&#8221; global_colors_info=&#8221;{}&#8221;][et_pb_image src=&#8221;https:\/\/palmiers.temp.rhonalpcom.fr\/wp-content\/uploads\/2025\/03\/made-in-france.webp&#8221; title_text=&#8221;made-in-france&#8221; align=&#8221;center&#8221; module_class=&#8221;hoverHomeIcons&#8221; _builder_version=&#8221;4.27.4&#8243; _module_preset=&#8221;default&#8221; max_width=&#8221;75px&#8221; custom_css_free_form=&#8221;.hoverHomeIcons {||  transition: transform 0.8s ease-in-out;||}||.hoverHomeIcons:hover {||\ttransform: scale(1.1); \/* Zoom de 10% *\/||}&#8221; global_colors_info=&#8221;{}&#8221;][\/et_pb_image][et_pb_text _builder_version=&#8221;4.27.4&#8243; _module_preset=&#8221;default&#8221; global_colors_info=&#8221;{}&#8221;]Made in France, la nostra politica \u00e8 quella di far lavorare per noi aziende francesi ed europee.[\/et_pb_text][\/et_pb_column][et_pb_column type=&#8221;1_3&#8243; _builder_version=&#8221;4.27.4&#8243; _module_preset=&#8221;default&#8221; global_colors_info=&#8221;{}&#8221;][et_pb_image src=&#8221;https:\/\/palmiers.temp.rhonalpcom.fr\/wp-content\/uploads\/2025\/03\/icone-sauna.webp&#8221; title_text=&#8221;icona-sauna&#8221; align=&#8221;center&#8221; module_class=&#8221;hoverHomeIcons&#8221; _builder_version=&#8221;4.27.4&#8243; _module_preset=&#8221;default&#8221; custom_css_free_form=&#8221;.hoverHomeIcons {||  transition: transform 0.8s ease-in-out;||}||.hoverHomeIcons:hover {||\ttransform: scale(1.1); \/* Zoom de 10% *\/||}&#8221; global_colors_info=&#8221;{}&#8221;][\/et_pb_image][et_pb_text _builder_version=&#8221;4.27.4&#8243; _module_preset=&#8221;default&#8221; global_colors_info=&#8221;{}&#8221;]Nel 2005 stavo cercando una vasca da bagno in legno, ma era difficile trovarla. Cos\u00ec ho creato Obiozz.[\/et_pb_text][\/et_pb_column][\/et_pb_row][\/et_pb_section][et_pb_section fb_built=&#8221;1&#8243; prev_background_color=&#8221;#ffffff&#8221; admin_label=&#8221;About&#8221; _builder_version=&#8221;4.27.4&#8243; _module_preset=&#8221;default&#8221; background_color=&#8221;#fbf7f4&#8243; custom_margin=&#8221;||0px||false|false&#8221; custom_padding=&#8221;5vw|5vw|5vw|5vw|false|false&#8221; top_divider_style=&#8221;ramp2&#8243; bottom_divider_style=&#8221;ramp2&#8243; bottom_divider_color=&#8221;#FFFFFF&#8221; collapsed=&#8221;on&#8221; global_colors_info=&#8221;{}&#8221;][et_pb_row _builder_version=&#8221;4.27.4&#8243; _module_preset=&#8221;default&#8221; width=&#8221;100%&#8221; max_width=&#8221;1400px&#8221; global_colors_info=&#8221;{}&#8221;][et_pb_column type=&#8221;4_4&#8243; _builder_version=&#8221;4.27.4&#8243; _module_preset=&#8221;default&#8221; global_colors_info=&#8221;{}&#8221;][et_pb_heading title=&#8221;I nostri risultati&#8221; _builder_version=&#8221;4.27.4&#8243; _module_preset=&#8221;default&#8221; title_level=&#8221;h2&#8243; title_font=&#8221;|600|||||||&#8221; title_font_size=&#8221;36px&#8221; title_line_height=&#8221;1.4em&#8221; custom_margin=&#8221;||35px||false|false&#8221; global_colors_info=&#8221;{}&#8221;][\/et_pb_heading][et_pb_post_slider include_categories=&#8221;7&#8243; show_meta=&#8221;off&#8221; _builder_version=&#8221;4.27.4&#8243; _module_preset=&#8221;default&#8221; custom_button=&#8221;on&#8221; button_bg_color=&#8221;#cf8344&#8243; border_radii=&#8221;on|30px|30px|30px|30px&#8221; global_colors_info=&#8221;{}&#8221;][\/et_pb_post_slider][\/et_pb_column][\/et_pb_row][\/et_pb_section][et_pb_section fb_built=&#8221;1&#8243; _builder_version=&#8221;4.27.4&#8243; _module_preset=&#8221;default&#8221; global_colors_info=&#8221;{}&#8221;][et_pb_row _builder_version=&#8221;4.27.4&#8243; _module_preset=&#8221;default&#8221; width=&#8221;100%&#8221; max_width=&#8221;1400px&#8221; global_colors_info=&#8221;{}&#8221;][et_pb_column type=&#8221;4_4&#8243; _builder_version=&#8221;4.27.4&#8243; _module_preset=&#8221;default&#8221; global_colors_info=&#8221;{}&#8221;][et_pb_heading title=&#8221;Testimonianze dei clienti&#8221; _builder_version=&#8221;4.27.4&#8243; _module_preset=&#8221;default&#8221; title_level=&#8221;h2&#8243; title_font=&#8221;|600|||||||&#8221; title_font_size=&#8221;36px&#8221; title_line_height=&#8221;1.4em&#8221; custom_margin=&#8221;||35px||false|false&#8221; global_colors_info=&#8221;{}&#8221;][\/et_pb_heading][\/et_pb_column][\/et_pb_row][\/et_pb_section]<\/p>\n","protected":false},"excerpt":{"rendered":"<p>Progettista, produttore e installatore di vasche nordiche in legno, vasche idromassaggio, saune, docce, bagni, bagni giapponesi &#8230; Il servizio Lavoriamo su piani 2D e simulazioni 3D per tutti i progetti di installazione dei nostri clienti. Possiamo anche offrire e realizzare terrazze, terrazze, scale, cornici, corrimano, ecc. per sfruttare al meglio i nostri prodotti nel tuo [&hellip;]<\/p>\n","protected":false},"author":1,"featured_media":0,"parent":0,"menu_order":0,"comment_status":"closed","ping_status":"closed","template":"","meta":{"_et_pb_use_builder":"on","_et_pb_old_content":"","_et_gb_content_width":"","footnotes":""},"class_list":["post-119","page","type-page","status-publish","hentry"],"yoast_head":"<!-- This site is optimized with the Yoast SEO plugin v27.5 - https:\/\/yoast.com\/product\/yoast-seo-wordpress\/ -->\n<title>Casa - hotel frejus les palmiers<\/title>\n<meta name=\"robots\" content=\"index, follow, max-snippet:-1, max-image-preview:large, max-video-preview:-1\" \/>\n<link rel=\"canonical\" href=\"https:\/\/hotel-frejus-les-palmiers.fr\/it\/\" \/>\n<meta property=\"og:locale\" content=\"it_IT\" \/>\n<meta property=\"og:type\" content=\"article\" \/>\n<meta property=\"og:title\" content=\"Casa - hotel frejus les palmiers\" \/>\n<meta property=\"og:description\" content=\"Progettista, produttore e installatore di vasche nordiche in legno, vasche idromassaggio, saune, docce, bagni, bagni giapponesi ... Il servizio Lavoriamo su piani 2D e simulazioni 3D per tutti i progetti di installazione dei nostri clienti. Possiamo anche offrire e realizzare terrazze, terrazze, scale, cornici, corrimano, ecc. per sfruttare al meglio i nostri prodotti nel tuo [&hellip;]\" \/>\n<meta property=\"og:url\" content=\"https:\/\/hotel-frejus-les-palmiers.fr\/it\/\" \/>\n<meta property=\"og:site_name\" content=\"hotel frejus les palmiers\" \/>\n<meta property=\"article:modified_time\" content=\"2025-04-11T11:23:32+00:00\" \/>\n<meta name=\"twitter:card\" content=\"summary_large_image\" \/>\n<meta name=\"twitter:label1\" content=\"Tempo di lettura stimato\" \/>\n\t<meta name=\"twitter:data1\" content=\"9 minuti\" \/>\n<script type=\"application\/ld+json\" class=\"yoast-schema-graph\">{\"@context\":\"https:\\\/\\\/schema.org\",\"@graph\":[{\"@type\":\"WebPage\",\"@id\":\"https:\\\/\\\/hotel-frejus-les-palmiers.fr\\\/it\\\/\",\"url\":\"https:\\\/\\\/hotel-frejus-les-palmiers.fr\\\/it\\\/\",\"name\":\"Casa - hotel frejus les palmiers\",\"isPartOf\":{\"@id\":\"https:\\\/\\\/hotel-frejus-les-palmiers.fr\\\/it\\\/#website\"},\"datePublished\":\"2025-03-27T13:04:13+00:00\",\"dateModified\":\"2025-04-11T11:23:32+00:00\",\"breadcrumb\":{\"@id\":\"https:\\\/\\\/hotel-frejus-les-palmiers.fr\\\/it\\\/#breadcrumb\"},\"inLanguage\":\"it-IT\",\"potentialAction\":[{\"@type\":\"ReadAction\",\"target\":[\"https:\\\/\\\/hotel-frejus-les-palmiers.fr\\\/it\\\/\"]}]},{\"@type\":\"BreadcrumbList\",\"@id\":\"https:\\\/\\\/hotel-frejus-les-palmiers.fr\\\/it\\\/#breadcrumb\",\"itemListElement\":[{\"@type\":\"ListItem\",\"position\":1,\"name\":\"Accueil\",\"item\":\"https:\\\/\\\/hotel-frejus-les-palmiers.fr\\\/it\\\/\"},{\"@type\":\"ListItem\",\"position\":2,\"name\":\"Casa\"}]},{\"@type\":\"WebSite\",\"@id\":\"https:\\\/\\\/hotel-frejus-les-palmiers.fr\\\/it\\\/#website\",\"url\":\"https:\\\/\\\/hotel-frejus-les-palmiers.fr\\\/it\\\/\",\"name\":\"hotel frejus les palmiers\",\"description\":\"\",\"potentialAction\":[{\"@type\":\"SearchAction\",\"target\":{\"@type\":\"EntryPoint\",\"urlTemplate\":\"https:\\\/\\\/hotel-frejus-les-palmiers.fr\\\/it\\\/?s={search_term_string}\"},\"query-input\":{\"@type\":\"PropertyValueSpecification\",\"valueRequired\":true,\"valueName\":\"search_term_string\"}}],\"inLanguage\":\"it-IT\"}]}<\/script>\n<!-- \/ Yoast SEO plugin. -->","yoast_head_json":{"title":"Casa - hotel frejus les palmiers","robots":{"index":"index","follow":"follow","max-snippet":"max-snippet:-1","max-image-preview":"max-image-preview:large","max-video-preview":"max-video-preview:-1"},"canonical":"https:\/\/hotel-frejus-les-palmiers.fr\/it\/","og_locale":"it_IT","og_type":"article","og_title":"Casa - hotel frejus les palmiers","og_description":"Progettista, produttore e installatore di vasche nordiche in legno, vasche idromassaggio, saune, docce, bagni, bagni giapponesi ... Il servizio Lavoriamo su piani 2D e simulazioni 3D per tutti i progetti di installazione dei nostri clienti. Possiamo anche offrire e realizzare terrazze, terrazze, scale, cornici, corrimano, ecc. per sfruttare al meglio i nostri prodotti nel tuo [&hellip;]","og_url":"https:\/\/hotel-frejus-les-palmiers.fr\/it\/","og_site_name":"hotel frejus les palmiers","article_modified_time":"2025-04-11T11:23:32+00:00","twitter_card":"summary_large_image","twitter_misc":{"Tempo di lettura stimato":"9 minuti"},"schema":{"@context":"https:\/\/schema.org","@graph":[{"@type":"WebPage","@id":"https:\/\/hotel-frejus-les-palmiers.fr\/it\/","url":"https:\/\/hotel-frejus-les-palmiers.fr\/it\/","name":"Casa - hotel frejus les palmiers","isPartOf":{"@id":"https:\/\/hotel-frejus-les-palmiers.fr\/it\/#website"},"datePublished":"2025-03-27T13:04:13+00:00","dateModified":"2025-04-11T11:23:32+00:00","breadcrumb":{"@id":"https:\/\/hotel-frejus-les-palmiers.fr\/it\/#breadcrumb"},"inLanguage":"it-IT","potentialAction":[{"@type":"ReadAction","target":["https:\/\/hotel-frejus-les-palmiers.fr\/it\/"]}]},{"@type":"BreadcrumbList","@id":"https:\/\/hotel-frejus-les-palmiers.fr\/it\/#breadcrumb","itemListElement":[{"@type":"ListItem","position":1,"name":"Accueil","item":"https:\/\/hotel-frejus-les-palmiers.fr\/it\/"},{"@type":"ListItem","position":2,"name":"Casa"}]},{"@type":"WebSite","@id":"https:\/\/hotel-frejus-les-palmiers.fr\/it\/#website","url":"https:\/\/hotel-frejus-les-palmiers.fr\/it\/","name":"hotel frejus les palmiers","description":"","potentialAction":[{"@type":"SearchAction","target":{"@type":"EntryPoint","urlTemplate":"https:\/\/hotel-frejus-les-palmiers.fr\/it\/?s={search_term_string}"},"query-input":{"@type":"PropertyValueSpecification","valueRequired":true,"valueName":"search_term_string"}}],"inLanguage":"it-IT"}]}},"_links":{"self":[{"href":"https:\/\/hotel-frejus-les-palmiers.fr\/it\/wp-json\/wp\/v2\/pages\/119","targetHints":{"allow":["GET"]}}],"collection":[{"href":"https:\/\/hotel-frejus-les-palmiers.fr\/it\/wp-json\/wp\/v2\/pages"}],"about":[{"href":"https:\/\/hotel-frejus-les-palmiers.fr\/it\/wp-json\/wp\/v2\/types\/page"}],"author":[{"embeddable":true,"href":"https:\/\/hotel-frejus-les-palmiers.fr\/it\/wp-json\/wp\/v2\/users\/1"}],"replies":[{"embeddable":true,"href":"https:\/\/hotel-frejus-les-palmiers.fr\/it\/wp-json\/wp\/v2\/comments?post=119"}],"version-history":[{"count":16,"href":"https:\/\/hotel-frejus-les-palmiers.fr\/it\/wp-json\/wp\/v2\/pages\/119\/revisions"}],"predecessor-version":[{"id":187,"href":"https:\/\/hotel-frejus-les-palmiers.fr\/it\/wp-json\/wp\/v2\/pages\/119\/revisions\/187"}],"wp:attachment":[{"href":"https:\/\/hotel-frejus-les-palmiers.fr\/it\/wp-json\/wp\/v2\/media?parent=119"}],"curies":[{"name":"wp","href":"https:\/\/api.w.org\/{rel}","templated":true}]}}